{"id":1015,"date":"2021-09-18T22:20:54","date_gmt":"2021-09-19T04:20:54","guid":{"rendered":"https:\/\/cofradiasantorosario.org.gt\/?page_id=1015"},"modified":"2021-09-18T22:20:57","modified_gmt":"2021-09-19T04:20:57","slug":"misterios-dolorosos","status":"publish","type":"page","link":"https:\/\/cofradiasantorosario.org.gt\/index.php\/misterios-dolorosos\/","title":{"rendered":"MISTERIOS DOLOROSOS"},"content":{"rendered":"\n<figure class=\"wp-block-table\"><table><tbody><tr><td><strong><em>Primer Misterio Doloroso: La oraci\u00f3n en el Huerto<\/em><\/strong><br>Entonces Jes\u00fas fue con ellos a un huerto, llamado Getseman\u00ed, y dijo a sus disc\u00edpulos: &#8220;Sentaos aqu\u00ed mientras voy a orar&#8221;. Y tomando consigo a Pedro y a los dos hijos de Zebedeo, comenz\u00f3 a sentir tristeza y angustia. Entonces les dijo: &#8220;Mi alma est\u00e1 triste hasta el punto de morir; quedaos aqu\u00ed y velad conmigo&#8221;. Y adelant\u00e1ndose un poco, cay\u00f3 rostro en tierra, y suplicaba as\u00ed: &#8220;Padre m\u00edo, si es posible, que pase de m\u00ed esta copa, pero no sea como yo quiero, sino como quieras t\u00fa&#8221;. <br><br>Despu\u00e9s de una breve pausa de reflexi\u00f3n, un\u00a0<em>Padrenuestro<\/em>, diez\u00a0<em>Avemar\u00edas<\/em>\u00a0y un\u00a0<em>Gloria<\/em>.<br>\u00a0<\/td><\/tr><tr><td><strong><em>Segundo Misterio Doloroso: La flagelaci\u00f3n de Jes\u00fas atado a la columna<\/em><\/strong><br>Pilato puso en libertad a Barrab\u00e1s; y a Jes\u00fas, despu\u00e9s de haberlo hecho azotar, lo entreg\u00f3 para que fuera crucificado.<br><br>Despu\u00e9s de una breve pausa de reflexi\u00f3n, un\u00a0<em>Padrenuestro<\/em>, diez\u00a0<em>Avemar\u00edas<\/em>\u00a0y un\u00a0<em>Gloria<\/em>.<br>\u00a0<\/td><\/tr><tr><td><strong><em>Tercer Misterio Doloroso: La coronaci\u00f3n de espinas<\/em><\/strong><br>Entonces los soldados del procurador llevaron consigo a Jes\u00fas al pretorio y reunieron alrededor de \u00e9l a toda la cohorte. Lo desnudaron y le echaron encima un manto de p\u00farpura y, trenzando una corona de espinas, se la pusieron sobre la cabeza, y en su mano derecha una ca\u00f1a, y doblando la rodilla delante de \u00e9l, le hac\u00edan burla diciendo: &#8220;Salve, Rey de los jud\u00edo&#8221;\u00bb. <br><br>Despu\u00e9s de una breve pausa de reflexi\u00f3n, un\u00a0<em>Padrenuestro<\/em>, diez\u00a0<em>Avemar\u00edas<\/em>\u00a0y un\u00a0<em>Gloria<\/em>.<br>\u00a0<\/td><\/tr><tr><td><strong><em>Cuarto Misterio Doloroso: Jes\u00fas con la Cruz a cuestas camino del Calvario<\/em><\/strong><br>Y obligaron a uno que pasaba, a Sim\u00f3n de Cirene, que volv\u00eda del campo, el padre de Alejandro y de Rufo, a que llevara su cruz. Lo condujeron al lugar del G\u00f3lgota, que quiere decir de la &#8220;Calavera&#8221;.<br><br>Despu\u00e9s de una breve pausa de reflexi\u00f3n, un\u00a0<em>Padrenuestro<\/em>, diez\u00a0<em>Avemar\u00edas<\/em>\u00a0y un\u00a0<em>Gloria<\/em>.<br>\u00a0<\/td><\/tr><tr><td><strong><em>Quinto Misterio Doloroso: La crucifixi\u00f3n y muerte de Jes\u00fas<\/em><\/strong><br>Llegados al lugar llamado &#8220;La Calavera&#8221;, le crucificaron all\u00ed a \u00e9l y a los dos malhechores, uno a la derecha y otro a la izquierda. Jes\u00fas dec\u00eda: &#8220;Padre, perd\u00f3nales, porque no saben lo que hacen&#8221;&#8230; Era ya eso de mediod\u00eda cuando, al eclipsarse el sol, hubo oscuridad sobre toda la tierra hasta la media tarde. El velo del Santuario se rasg\u00f3 por medio y Jes\u00fas, dando un fuerte grito dijo:\u00a0<em>&#8220;Padre, en tus manos pongo mis esp\u00edritu&#8221;<\/em>\u00a0<em>y, dicho esto, expir\u00f3<\/em>.<br><br>Despu\u00e9s de una breve pausa de reflexi\u00f3n, un\u00a0<em>Padrenuestro<\/em>, diez\u00a0<em>Avemar\u00edas<\/em>\u00a0y un\u00a0<em>Gloria<\/em>.<\/td><\/tr><\/tbody><\/table><\/figure>\n","protected":false},"excerpt":{"rendered":"<p>Primer Misterio Doloroso: La oraci\u00f3n en el HuertoEntonces Jes\u00fas fue con ellos a un huerto, llamado Getseman\u00ed, y dijo a sus disc\u00edpulos: &#8220;Sentaos aqu\u00ed mientras voy a orar&#8221;. Y tomando [&hellip;]<\/p>\n","protected":false},"author":2,"featured_media":0,"parent":0,"menu_order":0,"comment_status":"closed","ping_status":"closed","template":"","meta":{"om_disable_all_campaigns":false,"_monsterinsights_skip_tracking":false,"_monsterinsights_sitenote_active":false,"_monsterinsights_sitenote_note":"","_monsterinsights_sitenote_category":0,"site-sidebar-layout":"default","site-content-layout":"default","ast-site-content-layout":"","site-content-style":"default","site-sidebar-style":"default","ast-global-header-display":"","ast-banner-title-visibility":"","ast-main-header-display":"","ast-hfb-above-header-display":"","ast-hfb-below-header-display":"","ast-hfb-mobile-header-display":"","site-post-title":"","ast-breadcrumbs-content":"","ast-featured-img":"","footer-sml-layout":"","theme-transparent-header-meta":"default","adv-header-id-meta":"","stick-header-meta":"","header-above-stick-meta":"","header-main-stick-meta":"","header-below-stick-meta":"","astra-migrate-meta-layouts":"default","ast-page-background-enabled":"default","ast-page-background-meta":{"desktop":{"background-color":"","background-image":"","background-repeat":"repeat","background-position":"center center","background-size":"auto","background-attachment":"scroll","background-type":"","background-media":"","overlay-type":"","overlay-color":"","overlay-opacity":"","overlay-gradient":""},"tablet":{"background-color":"","background-image":"","background-repeat":"repeat","background-position":"center center","background-size":"auto","background-attachment":"scroll","background-type":"","background-media":"","overlay-type":"","overlay-color":"","overlay-opacity":"","overlay-gradient":""},"mobile":{"background-color":"","background-image":"","background-repeat":"repeat","background-position":"center center","background-size":"auto","background-attachment":"scroll","background-type":"","background-media":"","overlay-type":"","overlay-color":"","overlay-opacity":"","overlay-gradient":""}},"ast-content-background-meta":{"desktop":{"background-color":"var(--ast-global-color-5)","background-image":"","background-repeat":"repeat","background-position":"center center","background-size":"auto","background-attachment":"scroll","background-type":"","background-media":"","overlay-type":"","overlay-color":"","overlay-opacity":"","overlay-gradient":""},"tablet":{"background-color":"var(--ast-global-color-5)","background-image":"","background-repeat":"repeat","background-position":"center center","background-size":"auto","background-attachment":"scroll","background-type":"","background-media":"","overlay-type":"","overlay-color":"","overlay-opacity":"","overlay-gradient":""},"mobile":{"background-color":"var(--ast-global-color-5)","background-image":"","background-repeat":"repeat","background-position":"center center","background-size":"auto","background-attachment":"scroll","background-type":"","background-media":"","overlay-type":"","overlay-color":"","overlay-opacity":"","overlay-gradient":""}},"spay_email":"","footnotes":""},"class_list":["post-1015","page","type-page","status-publish","hentry"],"jetpack-related-posts":[{"id":1013,"url":"https:\/\/cofradiasantorosario.org.gt\/index.php\/misterios-luminosos\/","url_meta":{"origin":1015,"position":0},"title":"MISTERIOS LUMINOSOS","date":"septiembre 18, 2021","format":false,"excerpt":"Primer Misterio Luminoso: El Bautismo en el Jord\u00e1nBautizado Jes\u00fas, sali\u00f3 luego del agua; y en esto se abrieron los cielos y vio al Esp\u00edritu de Dios que bajaba en forma de paloma y ven\u00eda sobre \u00e9l. Y una voz que sal\u00eda de los cielos dec\u00eda: \"Este es mi Hijo amado,\u2026","rel":"","context":"Similar post","img":{"alt_text":"","src":"","width":0,"height":0},"classes":[]},{"id":1021,"url":"https:\/\/cofradiasantorosario.org.gt\/index.php\/misterios-gloriosos\/","url_meta":{"origin":1015,"position":1},"title":"MISTERIOS GLORIOSOS","date":"septiembre 18, 2021","format":false,"excerpt":"Primer Misterio Glorioso: La resurrecci\u00f3n del Hijo de DiosEl primer d\u00eda de la semana, muy de ma\u00f1ana, fueron al sepulcro llevando los aromas que hab\u00edan preparado. Pero encontraron que la piedra hab\u00eda sido retirada del sepulcro, y entraron, pero no hallaron el cuerpo del Se\u00f1or Jes\u00fas. No sab\u00edan que pensar\u2026","rel":"","context":"Similar post","img":{"alt_text":"","src":"","width":0,"height":0},"classes":[]},{"id":1006,"url":"https:\/\/cofradiasantorosario.org.gt\/index.php\/misterios-gozosos\/","url_meta":{"origin":1015,"position":2},"title":"MISTERIOS GOZOSOS","date":"septiembre 18, 2021","format":false,"excerpt":"Primer Misterio Gozoso: La Encarnaci\u00f3n del Hijo de Dios Al sexto mes el \u00e1ngel Gabriel fue enviado por Dios a una ciudad de Galilea, llamada Nazaret, a una virgen desposada con un hombre llamado Jos\u00e9, de la estirpe de David; el nombre de la virgen era Mar\u00eda\u00bb Despu\u00e9s de una\u2026","rel":"","context":"Similar post","img":{"alt_text":"","src":"","width":0,"height":0},"classes":[]},{"id":207,"url":"https:\/\/cofradiasantorosario.org.gt\/index.php\/classes\/","url_meta":{"origin":1015,"position":3},"title":"Classes","date":"febrero 1, 2021","format":false,"excerpt":"Recemos el rosario GUIA PARA REZAR EL SANTO ROSARIO\u00a0La se\u00f1al de la cruz\u00a0Por la se\u00f1al de la Santa Cruz, de nuestros enemigos l\u00edbranos Se\u00f1or Dios Nuestro.En el nombre del Padre, del Hijo y del Esp\u00edritu Santo.Acto de Contrici\u00f3nSe\u00f1or m\u00edo, Jesucristo, Dios y hombre verdadero, Creador, Padre y Redentor M\u00edo. Por\u2026","rel":"","context":"Similar post","img":{"alt_text":"","src":"https:\/\/i1.wp.com\/cofradiasantorosario.org.gt\/wp-content\/uploads\/2021\/09\/RECEMOS-EL-ROSARIO-1024x379.jpg?resize=350%2C200","width":350,"height":200},"classes":[]},{"id":1300,"url":"https:\/\/cofradiasantorosario.org.gt\/index.php\/santo-del-dia\/","url_meta":{"origin":1015,"position":4},"title":"Santo del Dia","date":"septiembre 21, 2021","format":false,"excerpt":"Santa Teresa del Ni\u00f1o Jes\u00fas ( 1 de Octubre) Fue una religiosa que no destac\u00f3 entre las hermanas que conviv\u00edan con ella. Sin embargo, poco despu\u00e9s de su muerte, sus tres manuscritos se convirtieron en cl\u00e1sicos de la literatura espiritual. En especial su Historia de un alma, que recoge una\u2026","rel":"","context":"Similar post","img":{"alt_text":"","src":"https:\/\/i1.wp.com\/cofradiasantorosario.org.gt\/wp-content\/uploads\/2021\/09\/PORTADAS-COFRADIA-SANTO-WEB-scaled.jpg?resize=350%2C200","width":350,"height":200},"classes":[]},{"id":1299,"url":"https:\/\/cofradiasantorosario.org.gt\/index.php\/asociasion-del-rosario-viviente\/","url_meta":{"origin":1015,"position":5},"title":"Asociasion del Rosario Viviente","date":"septiembre 21, 2021","format":false,"excerpt":"El Rosario VivienteFue fundado en Guatemala en el a\u00f1o de 1938. El Rosario Viviente est\u00e1 enfocado hacia los ni\u00f1os y les ayuda a aprender la devoci\u00f3n desde temprana edad. Los Ni\u00f1os Rezan solo un misterio cada d\u00eda, es una forma de fomentar el h\u00e1bito del rezo del Santo Rosario. Actualmente\u2026","rel":"","context":"Similar post","img":{"alt_text":"","src":"https:\/\/i1.wp.com\/cofradiasantorosario.org.gt\/wp-content\/uploads\/2021\/09\/PORTADAS-COFRADIA-VIVIENTE-WEB-1024x379.jpg?resize=350%2C200","width":350,"height":200},"classes":[]}],"_links":{"self":[{"href":"https:\/\/cofradiasantorosario.org.gt\/index.php\/wp-json\/wp\/v2\/pages\/1015","targetHints":{"allow":["GET"]}}],"collection":[{"href":"https:\/\/cofradiasantorosario.org.gt\/index.php\/wp-json\/wp\/v2\/pages"}],"about":[{"href":"https:\/\/cofradiasantorosario.org.gt\/index.php\/wp-json\/wp\/v2\/types\/page"}],"author":[{"embeddable":true,"href":"https:\/\/cofradiasantorosario.org.gt\/index.php\/wp-json\/wp\/v2\/users\/2"}],"replies":[{"embeddable":true,"href":"https:\/\/cofradiasantorosario.org.gt\/index.php\/wp-json\/wp\/v2\/comments?post=1015"}],"version-history":[{"count":1,"href":"https:\/\/cofradiasantorosario.org.gt\/index.php\/wp-json\/wp\/v2\/pages\/1015\/revisions"}],"predecessor-version":[{"id":1020,"href":"https:\/\/cofradiasantorosario.org.gt\/index.php\/wp-json\/wp\/v2\/pages\/1015\/revisions\/1020"}],"wp:attachment":[{"href":"https:\/\/cofradiasantorosario.org.gt\/index.php\/wp-json\/wp\/v2\/media?parent=1015"}],"curies":[{"name":"wp","href":"https:\/\/api.w.org\/{rel}","templated":true}]}}